{"id":11165,"date":"2025-11-13T17:18:34","date_gmt":"2025-11-13T16:18:34","guid":{"rendered":"https:\/\/keramik-sammler.de\/?page_id=11165"},"modified":"2025-11-18T20:32:54","modified_gmt":"2025-11-18T19:32:54","slug":"keramik-kuenstlerverzeichnis","status":"publish","type":"page","link":"https:\/\/keramik-sammler.de\/?page_id=11165","title":{"rendered":"K\u00dcNSTLERVERZEICHNIS"},"content":{"rendered":"\n<p>Hier entsteht ein umfangreiches Verzeichnis deutscher Keramikk\u00fcnstler mit einem T\u00e4tigkeitsschwerpunkt um \/ ab etwa 1950. <\/p>\n\n\n\n<p>Das Projekt befindet sich im Aufbau und wird durch eine systematische Sammlung von Signaturen, Marken und Stempeln deutscher Keramiker erg\u00e4nzt.<\/p>\n\n\n\n<p>Start 11\/2025. Ein Langzeitprojekt&#8230;<\/p>\n\n\n\n<hr class=\"wp-block-separator has-alpha-channel-opacity\"\/>\n\n\n\n<p class=\"has-white-color has-accent-background-color has-text-color has-background has-link-color has-larger-font-size wp-elements-73ed6d3ddc809785b1f7adaa3c6044cc\"><strong>A<\/strong><\/p>\n\n\n\n<ul class=\"wp-block-list\">\n<li>Christine Atmer de Reig<\/li>\n\n\n\n<li>Bernd Allroggen<\/li>\n\n\n\n<li>Ingeborg Asshoff<\/li>\n\n\n\n<li>Bruno Asshoff<\/li>\n\n\n\n<li>Peter Asshoff<\/li>\n\n\n\n<li>Reinhard Ader<\/li>\n\n\n\n<li>Anna\u202fAxtmann<\/li>\n\n\n\n<li>Susanne Altzweig<\/li>\n\n\n\n<li>Felicity Aylieff<\/li>\n\n\n\n<li>Friedrich Adler<\/li>\n\n\n\n<li>Wilhelm Albouts<\/li>\n\n\n\n<li>Ute Arndt<\/li>\n\n\n\n<li>Karin Arns<\/li>\n\n\n\n<li><\/li>\n<\/ul>\n\n\n\n<hr class=\"wp-block-separator has-alpha-channel-opacity\"\/>\n\n\n\n<p class=\"has-white-color has-accent-background-color has-text-color has-background has-link-color has-larger-font-size wp-elements-3ecb902401480d02eea32cf8081dfac0\"><strong>B<\/strong><\/p>\n\n\n\n<ul class=\"wp-block-list\">\n<li>Karin Bablok<\/li>\n\n\n\n<li>Karin Babel<\/li>\n\n\n\n<li>Richard Bampi<\/li>\n\n\n\n<li>Ulrike Bauer<\/li>\n\n\n\n<li>Sabine Barth<\/li>\n\n\n\n<li>Gerhard Barthel<\/li>\n\n\n\n<li>Gisela Baumfalk<\/li>\n\n\n\n<li>Elfriede Balzar-Kopp<\/li>\n\n\n\n<li>Heiner Balzar<\/li>\n\n\n\n<li>Dieter Balzer<\/li>\n\n\n\n<li>Petra Benndorf<\/li>\n\n\n\n<li>Christine Bernstiel<\/li>\n\n\n\n<li>Liebfriede Bernstiel<\/li>\n\n\n\n<li>Thomas Benirschke<\/li>\n\n\n\n<li>Hans-Joachim Becke<\/li>\n\n\n\n<li>Claudia Biehne<\/li>\n\n\n\n<li>Erwin Birk<\/li>\n\n\n\n<li>Bettina Bohlen<\/li>\n\n\n\n<li>Thomas Boeck<\/li>\n\n\n\n<li>Hedwig Bollhagen<\/li>\n\n\n\n<li>Jan Bontjes van Beek<\/li>\n\n\n\n<li>Stephanie Borchardt<\/li>\n\n\n\n<li>Jochen Brandt<\/li>\n\n\n\n<li>Ulla Bremer<\/li>\n\n\n\n<li>Jutta Bressem-Wiegand<\/li>\n\n\n\n<li>Antje Br\u00fcggemann-Breckwoldt<\/li>\n\n\n\n<li>Carina Br\u00fcggmann-Gyamfi<\/li>\n\n\n\n<li>Michael Brunner<\/li>\n\n\n\n<li>Susan Bunzl<\/li>\n\n\n\n<li>Ingeborg Busse<\/li>\n\n\n\n<li>Ralf Busz<\/li>\n<\/ul>\n\n\n\n<p><\/p>\n\n\n\n<hr class=\"wp-block-separator has-alpha-channel-opacity\"\/>\n\n\n\n<p class=\"has-white-color has-accent-background-color has-text-color has-background has-link-color has-larger-font-size wp-elements-d0af0400c47d6a63f54d4227d12aee7e\"><strong>C<\/strong><\/p>\n\n\n\n<ul class=\"wp-block-list\">\n<li><a href=\"https:\/\/de.wikipedia.org\/wiki\/Dieter_Crumbiegel\" target=\"_blank\" rel=\"noreferrer noopener\">Dieter Crumbiegel<\/a><\/li>\n\n\n\n<li><a href=\"https:\/\/de.wikipedia.org\/wiki\/Dorothea_Chabert\" target=\"_blank\" rel=\"noreferrer noopener\">Dorothea Chabert<\/a><\/li>\n\n\n\n<li><a href=\"https:\/\/www.michael-cleff.de\/\" target=\"_blank\" rel=\"noreferrer noopener\">Michael Cleff<\/a><\/li>\n\n\n\n<li><a href=\"https:\/\/akbbremen.de\/mitglied\/claudia-craemer\/\" target=\"_blank\" rel=\"noreferrer noopener\">Claudia Craemer<\/a><\/li>\n\n\n\n<li><a href=\"https:\/\/de.wikipedia.org\/wiki\/Dorothee_Colberg-Tjadens\" target=\"_blank\" rel=\"noreferrer noopener\">Dorothee Colberg-Tjadens<\/a><\/li>\n\n\n\n<li><a href=\"http:\/\/www.gisella-codara.eu\/\" target=\"_blank\" rel=\"noreferrer noopener\">Gisella Codara<\/a><\/li>\n\n\n\n<li>Erika Cornelsen-Wahrendorff<\/li>\n\n\n\n<li>Ursula Calles<\/li>\n\n\n\n<li>Rudolf Christmann<\/li>\n\n\n\n<li>Oskar Corcilius<\/li>\n\n\n\n<li><a href=\"https:\/\/www.de-coulon.de\/\" target=\"_blank\" rel=\"noreferrer noopener\">Maurice de Coulon<\/a><\/li>\n\n\n\n<li>Charles Crodel<\/li>\n\n\n\n<li>Brigitte Crumbiegel (Enders)<\/li>\n\n\n\n<li>Elisabeth Crumbiegel<\/li>\n\n\n\n<li><\/li>\n<\/ul>\n\n\n\n<hr class=\"wp-block-separator has-alpha-channel-opacity\"\/>\n\n\n\n<p class=\"has-white-color has-accent-background-color has-text-color has-background has-link-color has-larger-font-size wp-elements-dd289cd353e6d6e1354f4d0c94cf3564\"><strong>D<\/strong><\/p>\n\n\n\n<ul class=\"wp-block-list\">\n<li>Annette Dannhus<\/li>\n\n\n\n<li>Alexander Dequis<\/li>\n\n\n\n<li>Signe Danebod<\/li>\n\n\n\n<li>Heinz-Theo Dietz<\/li>\n\n\n\n<li>Simone Dillenberger<\/li>\n\n\n\n<li>Hans Dollinger<\/li>\n\n\n\n<li>Rainer Doss&nbsp;<\/li>\n\n\n\n<li>Paul\u202fDresler<\/li>\n\n\n\n<li>Else\u202fD\u00f6rr <a href=\"https:\/\/de.wikipedia.org\/wiki\/Else_D%C3%B6rr?utm_source=chatgpt.com\" target=\"_blank\" rel=\"noreferrer noopener\"><\/a><\/li>\n\n\n\n<li>Otto\u202fDouglas\u2011Hill<\/li>\n\n\n\n<li>Astrid Dannegger<\/li>\n\n\n\n<li>Linda\u202fDieye<\/li>\n\n\n\n<li><\/li>\n<\/ul>\n\n\n\n<hr class=\"wp-block-separator has-alpha-channel-opacity is-style-default\"\/>\n\n\n\n<p class=\"has-white-color has-accent-background-color has-text-color has-background has-link-color has-larger-font-size wp-elements-aa3469165a372e7b134bbceb733e75ae\"><strong>E<\/strong><\/p>\n\n\n\n<ul class=\"wp-block-list\">\n<li>Hildegard Eggemann<\/li>\n\n\n\n<li>Pius Eichlinger<\/li>\n\n\n\n<li>Veronika Ellwanger<\/li>\n\n\n\n<li>Volker Ellwanger<\/li>\n\n\n\n<li>Nandl Eska<\/li>\n\n\n\n<li>Renate Etzler<\/li>\n<\/ul>\n\n\n\n<hr class=\"wp-block-separator has-alpha-channel-opacity\"\/>\n\n\n\n<p class=\"has-white-color has-accent-background-color has-text-color has-background has-link-color has-larger-font-size wp-elements-8ba10a55b8c852f0b9a38f7a4a43873e\"><strong>F<\/strong><\/p>\n\n\n\n<ul class=\"wp-block-list\">\n<li>Kurt\u202fFeuerriegel<\/li>\n\n\n\n<li>Hermann\u202fF\u00f6ry<\/li>\n\n\n\n<li>Fritz\u202fF\u00f6ttinger<\/li>\n\n\n\n<li>Waldemar Fritsch<\/li>\n\n\n\n<li>Thomas Franke<\/li>\n\n\n\n<li>Karl Faber<\/li>\n\n\n\n<li>Helga Feddersen<\/li>\n\n\n\n<li>Ingrid Falk<\/li>\n\n\n\n<li>J\u00fcrgen Fessel<\/li>\n\n\n\n<li>Anke Fischer<\/li>\n\n\n\n<li>Bernd Fischer<\/li>\n<\/ul>\n\n\n\n<hr class=\"wp-block-separator has-alpha-channel-opacity\"\/>\n\n\n\n<p class=\"has-white-color has-accent-background-color has-text-color has-background has-link-color has-larger-font-size wp-elements-b2f6ada4a4790db1f5a0c720adc0252f\"><strong>G<\/strong><\/p>\n\n\n\n<ul class=\"wp-block-list\">\n<li>Carola G\u00e4nsslen<\/li>\n\n\n\n<li>Michael Gerharz<\/li>\n\n\n\n<li>Monika Geulig<\/li>\n\n\n\n<li>Horst G\u00f6bbels<\/li>\n\n\n\n<li>Martin Goedersmann<\/li>\n\n\n\n<li>Theresia G\u00f6ting-Hebenstreit<\/li>\n\n\n\n<li>Axel M. G\u00fcnther<\/li>\n\n\n\n<li><\/li>\n<\/ul>\n\n\n\n<hr class=\"wp-block-separator has-alpha-channel-opacity\"\/>\n\n\n\n<p class=\"has-white-color has-accent-background-color has-text-color has-background has-link-color has-larger-font-size wp-elements-7c1c9141ef33040b5463dcea7f2a4b34\"><strong>H<\/strong><\/p>\n\n\n\n<ul class=\"wp-block-list\">\n<li>&nbsp;Marianne H\u00e4ussinger<\/li>\n\n\n\n<li>Hans Heckmann<\/li>\n\n\n\n<li>Renate Heckmann<\/li>\n\n\n\n<li>Frank Hedtke<\/li>\n\n\n\n<li>Thomas Heimbucher<\/li>\n\n\n\n<li>Dirk Heller<\/li>\n\n\n\n<li>Gerhard Hemberle<\/li>\n\n\n\n<li>G\u00fcnther und Niki Hermans<\/li>\n\n\n\n<li>Martine Herve<\/li>\n\n\n\n<li>Walter A. Heufelder<\/li>\n\n\n\n<li><a href=\"https:\/\/akbbremen.de\/mitglied\/ulfert-hillers\/\" target=\"_blank\" rel=\"noreferrer noopener\">Ulfert Hillers<\/a><\/li>\n\n\n\n<li>Otto Hohlt<\/li>\n\n\n\n<li>G\u00f6rge Hohlt<\/li>\n\n\n\n<li><\/li>\n<\/ul>\n\n\n\n<hr class=\"wp-block-separator has-alpha-channel-opacity\"\/>\n\n\n\n<p class=\"has-white-color has-accent-background-color has-text-color has-background has-link-color has-larger-font-size wp-elements-df81c9840fbb3606f57a90965936cf50\"><strong>I<\/strong><\/p>\n\n\n\n<hr class=\"wp-block-separator has-alpha-channel-opacity\"\/>\n\n\n\n<p class=\"has-white-color has-accent-background-color has-text-color has-background has-link-color has-larger-font-size wp-elements-6d972b29a43c2060bf8062137e215bae\"><strong>J<\/strong><\/p>\n\n\n\n<hr class=\"wp-block-separator has-alpha-channel-opacity\"\/>\n\n\n\n<p class=\"has-white-color has-accent-background-color has-text-color has-background has-link-color has-larger-font-size wp-elements-60d8dde57a06fee31db934da5ac3a31d\"><strong>K<\/strong><\/p>\n\n\n\n<ul class=\"wp-block-list\">\n<li>Ulrike Kagel<\/li>\n\n\n\n<li>Wilhelm Kagel<\/li>\n\n\n\n<li>Michael Kalz<\/li>\n\n\n\n<li>Martin Kamphans<\/li>\n\n\n\n<li>Klaus-Peter Karl<\/li>\n\n\n\n<li>Sybille Karrenberg<\/li>\n\n\n\n<li>Andreas Kastl<\/li>\n\n\n\n<li>Theodor Keerl<\/li>\n\n\n\n<li>Horst Kestan<\/li>\n\n\n\n<li>Johannes Kiessling<\/li>\n\n\n\n<li>Anneliese Kindermann<\/li>\n\n\n\n<li>Heidi Kippenberg<\/li>\n\n\n\n<li>Elisabeth Kirchmaier-Heimbucher<\/li>\n\n\n\n<li>Gabriele Klann<\/li>\n\n\n\n<li>Felicitas Klatte<\/li>\n\n\n\n<li>Roland Klein<\/li>\n\n\n\n<li>Eva Klinger-R\u00f6mhild<\/li>\n\n\n\n<li>Helma Klett<\/li>\n\n\n\n<li>Johannes Klett-Drechsel<\/li>\n\n\n\n<li>Lu Klopfer<\/li>\n\n\n\n<li>Maria Anna Klopp<\/li>\n\n\n\n<li>Peter Klube<\/li>\n\n\n\n<li>Elmar Kubicek<\/li>\n\n\n\n<li>Elke Kubicek<\/li>\n\n\n\n<li>Johann Kl\u00fcnder<\/li>\n\n\n\n<li>Gerd Kn\u00e4pper<\/li>\n\n\n\n<li>Annegret Knippel (Taeschner)<\/li>\n\n\n\n<li>Wolfgang Knapp<\/li>\n\n\n\n<li>Eva Koj<\/li>\n\n\n\n<li>Ursula Kohne<\/li>\n\n\n\n<li>Maika Korfmacher<\/li>\n\n\n\n<li>Karl-Friedrich Korden<\/li>\n\n\n\n<li>Kristian K\u00f6rting<\/li>\n\n\n\n<li>Heiner-Hans K\u00f6rting<\/li>\n\n\n\n<li>Gerda K\u00f6rting<\/li>\n\n\n\n<li>Gertrud Kragh<\/li>\n\n\n\n<li>Michael Kramer<\/li>\n\n\n\n<li>Sabine Kratzer<\/li>\n\n\n\n<li>Uwe Krause<\/li>\n\n\n\n<li>Ursula Kraus<\/li>\n\n\n\n<li>Hanswerner Kruse<\/li>\n\n\n\n<li>Barbara Kruft<\/li>\n\n\n\n<li>Cornelius Kruft<\/li>\n\n\n\n<li>Beate Kuhn<\/li>\n\n\n\n<li>Jochen Kuhnhenne<\/li>\n\n\n\n<li>Elly Kuch<\/li>\n\n\n\n<li>Wilhelm Kuch<\/li>\n\n\n\n<li>Walburga K\u00fclz<\/li>\n\n\n\n<li>Eva Kumpmann<\/li>\n\n\n\n<li>Detlef Kunen<\/li>\n\n\n\n<li>Klaus Peter Kunstmann<\/li>\n\n\n\n<li>Freia Kurtz<\/li>\n\n\n\n<li>Karin Kusenberg<\/li>\n\n\n\n<li>Olga K\u00fcrzel<\/li>\n\n\n\n<li>James Kwame-Amoha<\/li>\n\n\n\n<li>Jan Kollwitz<\/li>\n\n\n\n<li>Lutz K\u00f6necke<\/li>\n\n\n\n<li>Brigitte K\u00f6ppel<\/li>\n\n\n\n<li>Alfons &amp; Ernst K\u00f6nigbauer<\/li>\n<\/ul>\n\n\n\n<hr class=\"wp-block-separator has-alpha-channel-opacity\"\/>\n\n\n\n<p class=\"has-white-color has-accent-background-color has-text-color has-background has-link-color has-larger-font-size wp-elements-62dfa3e203cc0214ce1206cd60fd388f\"><strong>L<\/strong><\/p>\n\n\n\n<hr class=\"wp-block-separator has-alpha-channel-opacity\"\/>\n\n\n\n<p class=\"has-white-color has-accent-background-color has-text-color has-background has-link-color has-larger-font-size wp-elements-f92da01c2aeb71f9de709daf476a8cdc\"><strong>M<\/strong><\/p>\n\n\n\n<ul class=\"wp-block-list\">\n<li>Ludwig Manns<\/li>\n\n\n\n<li>Wilfriede Maa\u00df<\/li>\n\n\n\n<li>Hedwig Marquardt<\/li>\n\n\n\n<li>Toni Maurer<\/li>\n\n\n\n<li>Sigrid May<\/li>\n\n\n\n<li>Martin Mindermann<\/li>\n\n\n\n<li>Katharina Meidinger<\/li>\n\n\n\n<li>Otto Meier<\/li>\n\n\n\n<li>Hermann Messerschmidt<\/li>\n\n\n\n<li>Verena Messerschmidt<\/li>\n\n\n\n<li>Volkmar Meyer-Sch\u00f6nbohm<\/li>\n\n\n\n<li>Bita M\u00fchlendyck<\/li>\n\n\n\n<li>Johannes M\u00fchlendyck<\/li>\n\n\n\n<li>Wim M\u00fchlendyck<\/li>\n\n\n\n<li>Arthur Mueller<\/li>\n\n\n\n<li>Andrea M\u00fcller<\/li>\n\n\n\n<li>Christin M\u00fcller<\/li>\n\n\n\n<li><\/li>\n<\/ul>\n\n\n\n<hr class=\"wp-block-separator has-alpha-channel-opacity\"\/>\n\n\n\n<p class=\"has-white-color has-accent-background-color has-text-color has-background has-link-color has-larger-font-size wp-elements-2dbeac0e0ebd723282c684375d5438a8\"><strong>N<\/strong><\/p>\n\n\n\n<hr class=\"wp-block-separator has-alpha-channel-opacity\"\/>\n\n\n\n<p class=\"has-white-color has-accent-background-color has-text-color has-background has-link-color has-larger-font-size wp-elements-91062b56b8018c2a8f6cfae5ffa8e432\"><strong>O<\/strong><\/p>\n\n\n\n<hr class=\"wp-block-separator has-alpha-channel-opacity\"\/>\n\n\n\n<p class=\"has-white-color has-accent-background-color has-text-color has-background has-link-color has-larger-font-size wp-elements-8073dfb6a27c93f3de51767262be2d7b\"><strong>P<\/strong><\/p>\n\n\n\n<hr class=\"wp-block-separator has-alpha-channel-opacity\"\/>\n\n\n\n<p class=\"has-white-color has-accent-background-color has-text-color has-background has-link-color has-larger-font-size wp-elements-1a44a22cb16ccb0204c4dc214c335895\"><strong>Q<\/strong><\/p>\n\n\n\n<hr class=\"wp-block-separator has-alpha-channel-opacity\"\/>\n\n\n\n<p class=\"has-white-color has-accent-background-color has-text-color has-background has-link-color has-larger-font-size wp-elements-a41abddb72de8d1e3d50ae0665293e98\"><strong>R<\/strong><\/p>\n\n\n\n<ul class=\"wp-block-list\">\n<li>Christiane Raschke<\/li>\n\n\n\n<li>Christian Richter<\/li>\n\n\n\n<li><\/li>\n<\/ul>\n\n\n\n<hr class=\"wp-block-separator has-alpha-channel-opacity\"\/>\n\n\n\n<p class=\"has-white-color has-accent-background-color has-text-color has-background has-link-color has-larger-font-size wp-elements-87b508aa6b47404ac1031a93cdf04029\"><strong>S<\/strong><\/p>\n\n\n\n<ul class=\"wp-block-list\">\n<li>Brigitte Schuller-Hohlt<\/li>\n<\/ul>\n\n\n\n<hr class=\"wp-block-separator has-alpha-channel-opacity\"\/>\n\n\n\n<p class=\"has-white-color has-accent-background-color has-text-color has-background has-link-color has-larger-font-size wp-elements-bb9a44915dce667192d33a58f142063b\"><strong>T<\/strong><\/p>\n\n\n\n<hr class=\"wp-block-separator has-alpha-channel-opacity\"\/>\n\n\n\n<p class=\"has-white-color has-accent-background-color has-text-color has-background has-link-color has-larger-font-size wp-elements-9845ebc03df1c3c2043f4055e1e979ef\"><strong>U<\/strong><\/p>\n\n\n\n<hr class=\"wp-block-separator has-alpha-channel-opacity\"\/>\n\n\n\n<p class=\"has-white-color has-accent-background-color has-text-color has-background has-link-color has-larger-font-size wp-elements-ad9532b724d82942495f4c8faed5b034\"><strong>V<\/strong><\/p>\n\n\n\n<hr class=\"wp-block-separator has-alpha-channel-opacity\"\/>\n\n\n\n<p class=\"has-white-color has-accent-background-color has-text-color has-background has-link-color has-larger-font-size wp-elements-4dcc0a476ab59b22caef7fab33daf614\"><strong>W<\/strong><\/p>\n\n\n\n<ul class=\"wp-block-list\">\n<li>Jutta Witscher-Kamphans<\/li>\n<\/ul>\n\n\n\n<hr class=\"wp-block-separator has-alpha-channel-opacity\"\/>\n\n\n\n<p class=\"has-white-color has-accent-background-color has-text-color has-background has-link-color has-larger-font-size wp-elements-140a9ef8180326e2853b4b8bfb8442fe\"><strong>X<\/strong><\/p>\n\n\n\n<hr class=\"wp-block-separator has-alpha-channel-opacity\"\/>\n\n\n\n<p class=\"has-white-color has-accent-background-color has-text-color has-background has-link-color has-larger-font-size wp-elements-c7f3b2df285b1f45bc372c633ceedbdb\"><strong>Y<\/strong><\/p>\n\n\n\n<hr class=\"wp-block-separator has-alpha-channel-opacity\"\/>\n\n\n\n<p class=\"has-white-color has-accent-background-color has-text-color has-background has-link-color has-larger-font-size wp-elements-9187822b8a77d099c413fc29899272e3\"><strong>Z<\/strong><\/p>\n\n\n\n<p><\/p>\n","protected":false},"excerpt":{"rendered":"<p>Hier entsteht ein umfangreiches Verzeichnis deutscher Keramikk\u00fcnstler mit einem T\u00e4tigkeitsschwerpunkt um \/ ab etwa 1950. Das Projekt befindet sich im Aufbau und wird durch eine systematische Sammlung von&#8230;<\/p>\n","protected":false},"author":2,"featured_media":0,"parent":0,"menu_order":0,"comment_status":"closed","ping_status":"closed","template":"","meta":{"ngg_post_thumbnail":0,"jetpack_post_was_ever_published":false,"footnotes":""},"class_list":["post-11165","page","type-page","status-publish","hentry"],"yoast_head":"<!-- This site is optimized with the Yoast SEO plugin v27.5 - https:\/\/yoast.com\/product\/yoast-seo-wordpress\/ -->\n<title>K\u00dcNSTLERVERZEICHNIS - KERAMIK-SAMMLER.DE<\/title>\n<meta name=\"description\" content=\"Hier entsteht ein umfangreiches Verzeichnis deutscher Keramikk\u00fcnstler mit einem T\u00e4tigkeitsschwerpunkt um \/ ab etwa 1950.\" \/>\n<meta name=\"robots\" content=\"index, follow, max-snippet:-1, max-image-preview:large, max-video-preview:-1\" \/>\n<link rel=\"canonical\" href=\"https:\/\/keramik-sammler.de\/?page_id=11165\" \/>\n<meta property=\"og:locale\" content=\"de_DE\" \/>\n<meta property=\"og:type\" content=\"article\" \/>\n<meta property=\"og:title\" content=\"K\u00dcNSTLERVERZEICHNIS - KERAMIK-SAMMLER.DE\" \/>\n<meta property=\"og:description\" content=\"Hier entsteht ein umfangreiches Verzeichnis deutscher Keramikk\u00fcnstler mit einem T\u00e4tigkeitsschwerpunkt um \/ ab etwa 1950.\" \/>\n<meta property=\"og:url\" content=\"https:\/\/keramik-sammler.de\/?page_id=11165\" \/>\n<meta property=\"og:site_name\" content=\"KERAMIK-SAMMLER.DE\" \/>\n<meta property=\"article:modified_time\" content=\"2025-11-18T19:32:54+00:00\" \/>\n<meta name=\"twitter:card\" content=\"summary_large_image\" \/>\n<meta name=\"twitter:label1\" content=\"Gesch\u00e4tzte Lesezeit\" \/>\n\t<meta name=\"twitter:data1\" content=\"3\u00a0Minuten\" \/>\n<script type=\"application\/ld+json\" class=\"yoast-schema-graph\">{\"@context\":\"https:\\\/\\\/schema.org\",\"@graph\":[{\"@type\":\"WebPage\",\"@id\":\"https:\\\/\\\/keramik-sammler.de\\\/?page_id=11165\",\"url\":\"https:\\\/\\\/keramik-sammler.de\\\/?page_id=11165\",\"name\":\"K\u00dcNSTLERVERZEICHNIS - KERAMIK-SAMMLER.DE\",\"isPartOf\":{\"@id\":\"http:\\\/\\\/keramik-sammler.de\\\/#website\"},\"datePublished\":\"2025-11-13T16:18:34+00:00\",\"dateModified\":\"2025-11-18T19:32:54+00:00\",\"description\":\"Hier entsteht ein umfangreiches Verzeichnis deutscher Keramikk\u00fcnstler mit einem T\u00e4tigkeitsschwerpunkt um \\\/ ab etwa 1950.\",\"breadcrumb\":{\"@id\":\"https:\\\/\\\/keramik-sammler.de\\\/?page_id=11165#breadcrumb\"},\"inLanguage\":\"de\",\"potentialAction\":[{\"@type\":\"ReadAction\",\"target\":[\"https:\\\/\\\/keramik-sammler.de\\\/?page_id=11165\"]}]},{\"@type\":\"BreadcrumbList\",\"@id\":\"https:\\\/\\\/keramik-sammler.de\\\/?page_id=11165#breadcrumb\",\"itemListElement\":[{\"@type\":\"ListItem\",\"position\":1,\"name\":\"Startseite\",\"item\":\"http:\\\/\\\/keramik-sammler.de\\\/\"},{\"@type\":\"ListItem\",\"position\":2,\"name\":\"K\u00dcNSTLERVERZEICHNIS\"}]},{\"@type\":\"WebSite\",\"@id\":\"http:\\\/\\\/keramik-sammler.de\\\/#website\",\"url\":\"http:\\\/\\\/keramik-sammler.de\\\/\",\"name\":\"KERAMIK-SAMMLER.DE\",\"description\":\"informationsportal f\u00fcr  k\u00fcnstlerkeramik - studiokeramik - studio pottery\",\"publisher\":{\"@id\":\"http:\\\/\\\/keramik-sammler.de\\\/#\\\/schema\\\/person\\\/eef6090e4285e9bcbb672113504f7259\"},\"potentialAction\":[{\"@type\":\"SearchAction\",\"target\":{\"@type\":\"EntryPoint\",\"urlTemplate\":\"http:\\\/\\\/keramik-sammler.de\\\/?s={search_term_string}\"},\"query-input\":{\"@type\":\"PropertyValueSpecification\",\"valueRequired\":true,\"valueName\":\"search_term_string\"}}],\"inLanguage\":\"de\"},{\"@type\":[\"Person\",\"Organization\"],\"@id\":\"http:\\\/\\\/keramik-sammler.de\\\/#\\\/schema\\\/person\\\/eef6090e4285e9bcbb672113504f7259\",\"name\":\"Kevin B\u00fclow\",\"image\":{\"@type\":\"ImageObject\",\"inLanguage\":\"de\",\"@id\":\"http:\\\/\\\/keramik-sammler.de\\\/wp-content\\\/uploads\\\/2019\\\/04\\\/logo2019_-neu-crob.jpg\",\"url\":\"http:\\\/\\\/keramik-sammler.de\\\/wp-content\\\/uploads\\\/2019\\\/04\\\/logo2019_-neu-crob.jpg\",\"contentUrl\":\"http:\\\/\\\/keramik-sammler.de\\\/wp-content\\\/uploads\\\/2019\\\/04\\\/logo2019_-neu-crob.jpg\",\"width\":2784,\"height\":1074,\"caption\":\"Kevin B\u00fclow\"},\"logo\":{\"@id\":\"http:\\\/\\\/keramik-sammler.de\\\/wp-content\\\/uploads\\\/2019\\\/04\\\/logo2019_-neu-crob.jpg\"},\"sameAs\":[\"https:\\\/\\\/www.keramik-sammler.de\"]}]}<\/script>\n<!-- \/ Yoast SEO plugin. -->","yoast_head_json":{"title":"K\u00dcNSTLERVERZEICHNIS - KERAMIK-SAMMLER.DE","description":"Hier entsteht ein umfangreiches Verzeichnis deutscher Keramikk\u00fcnstler mit einem T\u00e4tigkeitsschwerpunkt um \/ ab etwa 1950.","robots":{"index":"index","follow":"follow","max-snippet":"max-snippet:-1","max-image-preview":"max-image-preview:large","max-video-preview":"max-video-preview:-1"},"canonical":"https:\/\/keramik-sammler.de\/?page_id=11165","og_locale":"de_DE","og_type":"article","og_title":"K\u00dcNSTLERVERZEICHNIS - KERAMIK-SAMMLER.DE","og_description":"Hier entsteht ein umfangreiches Verzeichnis deutscher Keramikk\u00fcnstler mit einem T\u00e4tigkeitsschwerpunkt um \/ ab etwa 1950.","og_url":"https:\/\/keramik-sammler.de\/?page_id=11165","og_site_name":"KERAMIK-SAMMLER.DE","article_modified_time":"2025-11-18T19:32:54+00:00","twitter_card":"summary_large_image","twitter_misc":{"Gesch\u00e4tzte Lesezeit":"3\u00a0Minuten"},"schema":{"@context":"https:\/\/schema.org","@graph":[{"@type":"WebPage","@id":"https:\/\/keramik-sammler.de\/?page_id=11165","url":"https:\/\/keramik-sammler.de\/?page_id=11165","name":"K\u00dcNSTLERVERZEICHNIS - KERAMIK-SAMMLER.DE","isPartOf":{"@id":"http:\/\/keramik-sammler.de\/#website"},"datePublished":"2025-11-13T16:18:34+00:00","dateModified":"2025-11-18T19:32:54+00:00","description":"Hier entsteht ein umfangreiches Verzeichnis deutscher Keramikk\u00fcnstler mit einem T\u00e4tigkeitsschwerpunkt um \/ ab etwa 1950.","breadcrumb":{"@id":"https:\/\/keramik-sammler.de\/?page_id=11165#breadcrumb"},"inLanguage":"de","potentialAction":[{"@type":"ReadAction","target":["https:\/\/keramik-sammler.de\/?page_id=11165"]}]},{"@type":"BreadcrumbList","@id":"https:\/\/keramik-sammler.de\/?page_id=11165#breadcrumb","itemListElement":[{"@type":"ListItem","position":1,"name":"Startseite","item":"http:\/\/keramik-sammler.de\/"},{"@type":"ListItem","position":2,"name":"K\u00dcNSTLERVERZEICHNIS"}]},{"@type":"WebSite","@id":"http:\/\/keramik-sammler.de\/#website","url":"http:\/\/keramik-sammler.de\/","name":"KERAMIK-SAMMLER.DE","description":"informationsportal f\u00fcr  k\u00fcnstlerkeramik - studiokeramik - studio pottery","publisher":{"@id":"http:\/\/keramik-sammler.de\/#\/schema\/person\/eef6090e4285e9bcbb672113504f7259"},"potentialAction":[{"@type":"SearchAction","target":{"@type":"EntryPoint","urlTemplate":"http:\/\/keramik-sammler.de\/?s={search_term_string}"},"query-input":{"@type":"PropertyValueSpecification","valueRequired":true,"valueName":"search_term_string"}}],"inLanguage":"de"},{"@type":["Person","Organization"],"@id":"http:\/\/keramik-sammler.de\/#\/schema\/person\/eef6090e4285e9bcbb672113504f7259","name":"Kevin B\u00fclow","image":{"@type":"ImageObject","inLanguage":"de","@id":"http:\/\/keramik-sammler.de\/wp-content\/uploads\/2019\/04\/logo2019_-neu-crob.jpg","url":"http:\/\/keramik-sammler.de\/wp-content\/uploads\/2019\/04\/logo2019_-neu-crob.jpg","contentUrl":"http:\/\/keramik-sammler.de\/wp-content\/uploads\/2019\/04\/logo2019_-neu-crob.jpg","width":2784,"height":1074,"caption":"Kevin B\u00fclow"},"logo":{"@id":"http:\/\/keramik-sammler.de\/wp-content\/uploads\/2019\/04\/logo2019_-neu-crob.jpg"},"sameAs":["https:\/\/www.keramik-sammler.de"]}]}},"jetpack_sharing_enabled":true,"jetpack_shortlink":"https:\/\/wp.me\/P6UNPE-2U5","_links":{"self":[{"href":"https:\/\/keramik-sammler.de\/index.php?rest_route=\/wp\/v2\/pages\/11165","targetHints":{"allow":["GET"]}}],"collection":[{"href":"https:\/\/keramik-sammler.de\/index.php?rest_route=\/wp\/v2\/pages"}],"about":[{"href":"https:\/\/keramik-sammler.de\/index.php?rest_route=\/wp\/v2\/types\/page"}],"author":[{"embeddable":true,"href":"https:\/\/keramik-sammler.de\/index.php?rest_route=\/wp\/v2\/users\/2"}],"replies":[{"embeddable":true,"href":"https:\/\/keramik-sammler.de\/index.php?rest_route=%2Fwp%2Fv2%2Fcomments&post=11165"}],"version-history":[{"count":21,"href":"https:\/\/keramik-sammler.de\/index.php?rest_route=\/wp\/v2\/pages\/11165\/revisions"}],"predecessor-version":[{"id":11250,"href":"https:\/\/keramik-sammler.de\/index.php?rest_route=\/wp\/v2\/pages\/11165\/revisions\/11250"}],"wp:attachment":[{"href":"https:\/\/keramik-sammler.de\/index.php?rest_route=%2Fwp%2Fv2%2Fmedia&parent=11165"}],"curies":[{"name":"wp","href":"https:\/\/api.w.org\/{rel}","templated":true}]}}